{"id":1829,"date":"2024-09-18T11:45:29","date_gmt":"2024-09-18T09:45:29","guid":{"rendered":"https:\/\/mitcha.siteweb.ch\/langlebigkeit\/"},"modified":"2025-03-16T16:23:19","modified_gmt":"2025-03-16T15:23:19","slug":"langlebigkeit","status":"publish","type":"page","link":"https:\/\/mitcha-mitcha.ch\/de\/langlebigkeit\/","title":{"rendered":"Langlebigkeit"},"content":{"rendered":"\t\t<div data-elementor-type=\"wp-page\" data-elementor-id=\"1829\" class=\"elementor elementor-1829 elementor-451\" data-elementor-post-type=\"page\">\n\t\t\t\t\t\t<section class=\"elementor-section elementor-top-section elementor-element elementor-element-19b87c4 elementor-section-boxed elementor-section-height-default elementor-section-height-default\" data-id=\"19b87c4\" data-element_type=\"section\" data-e-type=\"section\" data-settings=\"{&quot;background_background&quot;:&quot;classic&quot;}\">\n\t\t\t\t\t\t<div class=\"elementor-container elementor-column-gap-default\">\n\t\t\t\t\t<div class=\"elementor-column elementor-col-100 elementor-top-column elementor-element elementor-element-16f6874\" data-id=\"16f6874\" data-element_type=\"column\" data-e-type=\"column\">\n\t\t\t<div class=\"elementor-widget-wrap elementor-element-populated\">\n\t\t\t\t\t\t<div class=\"elementor-element elementor-element-515e34b elementor-widget elementor-widget-heading\" data-id=\"515e34b\" data-element_type=\"widget\" data-e-type=\"widget\" data-widget_type=\"heading.default\">\n\t\t\t\t<div class=\"elementor-widget-container\">\n\t\t\t\t\t<h2 class=\"elementor-heading-title elementor-size-default\">Unser nachhaltiges Verpflichtungen<\/h2>\t\t\t\t<\/div>\n\t\t\t\t<\/div>\n\t\t\t\t<div class=\"elementor-element elementor-element-704be86 elementor-widget elementor-widget-text-editor\" data-id=\"704be86\" data-element_type=\"widget\" data-e-type=\"widget\" data-widget_type=\"text-editor.default\">\n\t\t\t\t<div class=\"elementor-widget-container\">\n\t\t\t\t\t\t\t\t\t<p>Die Nachhaltigkeitsmesse Mitcha-Mitcha positioniert sich als f\u00fchrende Veranstaltung im Bereich der Nachhaltigkeit. Wir setzen uns f\u00fcr einen integrativen und bereichs\u00fcbergreifenden Ansatz ein, der die drei wesentlichen S\u00e4ulen der nachhaltigen Entwicklung vereint: \u00d6kologie, Soziales und \u00d6konomie; sowie jede weitere Dimension, die aus dem fruchtbaren Austausch entsteht, der sich im Laufe der Zeit weiterentwickeln wird. Wir setzen in jedem Bereich konkrete L\u00f6sungen um, um eine Erfahrung zu bieten, die die Akteure des Wandels inspiriert und voranbringt.<\/p>\n<p>.<\/p>\n\t\t\t\t\t\t\t\t<\/div>\n\t\t\t\t<\/div>\n\t\t\t\t\t<\/div>\n\t\t<\/div>\n\t\t\t\t\t<\/div>\n\t\t<\/section>\n\t\t\t\t<section class=\"elementor-section elementor-top-section elementor-element elementor-element-e201d12 elementor-section-boxed elementor-section-height-default elementor-section-height-default\" data-id=\"e201d12\" data-element_type=\"section\" data-e-type=\"section\">\n\t\t\t\t\t\t<div class=\"elementor-container elementor-column-gap-default\">\n\t\t\t\t\t<div class=\"elementor-column elementor-col-50 elementor-top-column elementor-element elementor-element-0a305dd\" data-id=\"0a305dd\" data-element_type=\"column\" data-e-type=\"column\" data-settings=\"{&quot;background_background&quot;:&quot;classic&quot;}\">\n\t\t\t<div class=\"elementor-widget-wrap elementor-element-populated\">\n\t\t\t\t\t\t<div class=\"elementor-element elementor-element-c7e0745 elementor-widget elementor-widget-heading\" data-id=\"c7e0745\" data-element_type=\"widget\" data-e-type=\"widget\" data-widget_type=\"heading.default\">\n\t\t\t\t<div class=\"elementor-widget-container\">\n\t\t\t\t\t<h2 class=\"elementor-heading-title elementor-size-default\"><a href=\"https:\/\/mitcha-mitcha.ch\/programme-salon-durabilite-mitcha-mitcha-lausanne\/\">Dimension<br>\u00f6kologisch<\/a><\/h2>\t\t\t\t<\/div>\n\t\t\t\t<\/div>\n\t\t\t\t\t<\/div>\n\t\t<\/div>\n\t\t\t\t<div class=\"elementor-column elementor-col-50 elementor-top-column elementor-element elementor-element-7f1bb56\" data-id=\"7f1bb56\" data-element_type=\"column\" data-e-type=\"column\">\n\t\t\t<div class=\"elementor-widget-wrap elementor-element-populated\">\n\t\t\t\t\t\t<div class=\"elementor-element elementor-element-0016cb7 elementor-widget elementor-widget-text-editor\" data-id=\"0016cb7\" data-element_type=\"widget\" data-e-type=\"widget\" data-widget_type=\"text-editor.default\">\n\t\t\t\t<div class=\"elementor-widget-container\">\n\t\t\t\t\t\t\t\t\t<p>Unser \u00f6kologisches Engagement steht im Mittelpunkt unserer Veranstaltung. Die Mitcha-Mitcha-Messe soll das Bewusstsein f\u00fcr Umweltfragen sch\u00e4rfen, indem innovative L\u00f6sungen und umweltfreundliche Produkte ausgestellt werden. Wir setzen in jeder Phase der Vorbereitung und Durchf\u00fchrung der Veranstaltung umweltfreundliche Praktiken ein:<\/p>\n<p><strong style=\"background-color: transparent;\">Reduzierung des CO2-Fu\u00dfabdrucks<\/strong><span style=\"background-color: transparent;\">: Wir bevorzugen Partner, die unsere \u00f6kologischen Werte teilen und nachhaltige Praktiken anwenden, wie die Verwendung von recycelten Materialien oder den optimalen Umgang mit Energieressourcen.<\/span><\/p>\n<p><strong style=\"background-color: transparent;\">\u00d6kodesign der Messe<\/strong><span style=\"background-color: transparent;\">: Die St\u00e4nde werden aus wiederverwendbaren und recycelbaren Materialien gebaut, und wir ermutigen die Aussteller, \u00e4hnliche Praktiken zu \u00fcbernehmen. Die Aussteller selbst stellen L\u00f6sungen f\u00fcr erneuerbare Energien, Kreislaufwirtschaft, nachhaltige Ern\u00e4hrung und viele andere Bereiche vor, die f\u00fcr den Alltag von Fachleuten und der \u00d6ffentlichkeit von zentraler Bedeutung sind.<\/span><\/p>\n<p><strong style=\"background-color: transparent;\">Nachhaltige Mobilit\u00e4t<\/strong><span style=\"background-color: transparent;\"> : Wir f\u00f6rdern die Nutzung von \u00f6ffentlichen Verkehrsmitteln und Fahrgemeinschaften, um die Emissionen durch die Anreise von Besuchern und Ausstellern zu reduzieren. Ein Fahrradpark steht ebenfalls zur Verf\u00fcgung, um die sanfte Mobilit\u00e4t zu f\u00f6rdern.<\/span><\/p><\/p>\n\t\t\t\t\t\t\t\t<\/div>\n\t\t\t\t<\/div>\n\t\t\t\t\t<\/div>\n\t\t<\/div>\n\t\t\t\t\t<\/div>\n\t\t<\/section>\n\t\t\t\t<section class=\"elementor-section elementor-top-section elementor-element elementor-element-e4f45d6 elementor-reverse-mobile elementor-section-boxed elementor-section-height-default elementor-section-height-default\" data-id=\"e4f45d6\" data-element_type=\"section\" data-e-type=\"section\">\n\t\t\t\t\t\t<div class=\"elementor-container elementor-column-gap-default\">\n\t\t\t\t\t<div class=\"elementor-column elementor-col-50 elementor-top-column elementor-element elementor-element-6fd8d9b\" data-id=\"6fd8d9b\" data-element_type=\"column\" data-e-type=\"column\">\n\t\t\t<div class=\"elementor-widget-wrap elementor-element-populated\">\n\t\t\t\t\t\t<div class=\"elementor-element elementor-element-b0dfae7 elementor-widget elementor-widget-text-editor\" data-id=\"b0dfae7\" data-element_type=\"widget\" data-e-type=\"widget\" data-widget_type=\"text-editor.default\">\n\t\t\t\t<div class=\"elementor-widget-container\">\n\t\t\t\t\t\t\t\t\t<p>Wir setzen uns daf\u00fcr ein, Nachhaltigkeit auf integrative Weise zu f\u00f6rdern und Synergien zwischen den verschiedenen Akteuren der Gesellschaft zu schaffen, indem wir den sozialen Zusammenhalt f\u00f6rdern. Dies spiegelt sich in unseren Initiativen wider, die darauf abzielen, alle B\u00fcrger, insbesondere junge Menschen und lokale Gemeinschaften, in diesen nachhaltigen Transformationsprozess einzubinden.<\/p>\n<p><strong style=\"background-color: transparent;\">Zug\u00e4nglichkeit und Inklusion<\/strong><span style=\"background-color: transparent;\">: Die Messe ist so konzipiert, dass sie f\u00fcr ein breites Publikum zug\u00e4nglich ist, mit erm\u00e4\u00dfigten Preisen f\u00fcr Studenten, AHV\/IV und Initiativen, die die Teilnahme von jungen Menschen und sozial schwachen Gruppen f\u00f6rdern sollen. Wir m\u00f6chten, dass jeder Mann und jede Frau sich am \u00f6kologischen Wandel beteiligen kann.<\/span><\/p>\n<p><strong style=\"background-color: transparent;\">Lokale und kommunale Partnerschaften<\/strong><span style=\"background-color: transparent;\">: Wir legen besonderen Wert auf die Zusammenarbeit mit lokalen Akteuren, Start-ups, KMU und Institutionen, indem wir sie einladen, ihre Nachhaltigkeitsprojekte auszustellen und mit anderen zu teilen. Dies st\u00e4rkt das soziale Gef\u00fcge und f\u00f6rdert den Austausch von Wissen und Ressourcen.<\/span><\/p>\n<p><strong style=\"background-color: transparent;\">Bildung und Sensibilisierung<\/strong><span style=\"background-color: transparent;\"> : Die Messe bietet auch ein Programm von Workshops, Konferenzen und Veranstaltungen, die es Fachleuten erm\u00f6glichen, komplexe Herausforderungen zu erfassen oder zu antizipieren, sowie Besuchern, die Herausforderungen der Nachhaltigkeit besser zu verstehen und verantwortungsvollere Verhaltensweisen im Alltag anzunehmen.<\/span><\/p>\n<\/p>\n<p>.<\/p>\n\t\t\t\t\t\t\t\t<\/div>\n\t\t\t\t<\/div>\n\t\t\t\t\t<\/div>\n\t\t<\/div>\n\t\t\t\t<div class=\"elementor-column elementor-col-50 elementor-top-column elementor-element elementor-element-3c4657c\" data-id=\"3c4657c\" data-element_type=\"column\" data-e-type=\"column\" data-settings=\"{&quot;background_background&quot;:&quot;classic&quot;}\">\n\t\t\t<div class=\"elementor-widget-wrap elementor-element-populated\">\n\t\t\t\t\t\t<div class=\"elementor-element elementor-element-1f6a692 elementor-widget elementor-widget-heading\" data-id=\"1f6a692\" data-element_type=\"widget\" data-e-type=\"widget\" data-widget_type=\"heading.default\">\n\t\t\t\t<div class=\"elementor-widget-container\">\n\t\t\t\t\t<h2 class=\"elementor-heading-title elementor-size-default\"><a href=\"https:\/\/mitcha-mitcha.ch\/faq\/\">Soziale Dimension<br>Soziale Dimension<\/a><\/h2>\t\t\t\t<\/div>\n\t\t\t\t<\/div>\n\t\t\t\t\t<\/div>\n\t\t<\/div>\n\t\t\t\t\t<\/div>\n\t\t<\/section>\n\t\t\t\t<section class=\"elementor-section elementor-top-section elementor-element elementor-element-177aef5 elementor-section-boxed elementor-section-height-default elementor-section-height-default\" data-id=\"177aef5\" data-element_type=\"section\" data-e-type=\"section\">\n\t\t\t\t\t\t<div class=\"elementor-container elementor-column-gap-default\">\n\t\t\t\t\t<div class=\"elementor-column elementor-col-50 elementor-top-column elementor-element elementor-element-ddd6b8d\" data-id=\"ddd6b8d\" data-element_type=\"column\" data-e-type=\"column\" data-settings=\"{&quot;background_background&quot;:&quot;classic&quot;}\">\n\t\t\t<div class=\"elementor-widget-wrap elementor-element-populated\">\n\t\t\t\t\t\t<div class=\"elementor-element elementor-element-5b12492 elementor-widget elementor-widget-heading\" data-id=\"5b12492\" data-element_type=\"widget\" data-e-type=\"widget\" data-widget_type=\"heading.default\">\n\t\t\t\t<div class=\"elementor-widget-container\">\n\t\t\t\t\t<h2 class=\"elementor-heading-title elementor-size-default\">Dimension<br>Wirtschaft<\/h2>\t\t\t\t<\/div>\n\t\t\t\t<\/div>\n\t\t\t\t\t<\/div>\n\t\t<\/div>\n\t\t\t\t<div class=\"elementor-column elementor-col-50 elementor-top-column elementor-element elementor-element-7ceecbf\" data-id=\"7ceecbf\" data-element_type=\"column\" data-e-type=\"column\">\n\t\t\t<div class=\"elementor-widget-wrap elementor-element-populated\">\n\t\t\t\t\t\t<div class=\"elementor-element elementor-element-97ec476 elementor-widget elementor-widget-text-editor\" data-id=\"97ec476\" data-element_type=\"widget\" data-e-type=\"widget\" data-widget_type=\"text-editor.default\">\n\t\t\t\t<div class=\"elementor-widget-container\">\n\t\t\t\t\t\t\t\t\t<p>Die Mitcha-Mitcha-Messe ist Teil einer Dynamik zur Unterst\u00fctzung einer nachhaltigen Wirtschaft, indem sie Unternehmen, die sich f\u00fcr Nachhaltigkeit einsetzen, eine Plattform f\u00fcr Sichtbarkeit und Networking bietet. Wir bevorzugen einen wirtschaftlichen Ansatz, der Innovationen und verantwortungsvolle Praktiken unterst\u00fctzt und es Unternehmen erm\u00f6glicht, zu wachsen und f\u00fcr eine nachhaltigere Zukunft zusammenzuarbeiten.<\/p>\n<p><strong style=\"background-color: transparent;\">Unterst\u00fctzung f\u00fcr lokale Unternehmen und Start-ups<\/strong><span style=\"background-color: transparent;\">: Wir bieten lokalen KMU und Start-ups, die innovative Nachhaltigkeitsl\u00f6sungen entwickeln, einen wichtigen Platz und f\u00f6rdern den Austausch und die Partnerschaft zwischen diesen Unternehmen und gro\u00dfen Organisationen.<\/span><\/p>\n<p><strong style=\"background-color: transparent;\">Kreislaufwirtschaft und verantwortungsvolle Produktion<\/strong><span style=\"background-color: transparent;\">: Wir ermutigen die Aussteller, Produkte und Dienstleistungen aus der Kreislaufwirtschaft und der verantwortungsvollen Produktion zu pr\u00e4sentieren. Die Messe wird so zu einem Knotenpunkt f\u00fcr wirtschaftliche L\u00f6sungen, die Verschwendung reduzieren und die Nutzung von Ressourcen optimieren.<\/span><\/p>\n<p><strong style=\"background-color: transparent;\">Schaffung von Gesch\u00e4ftsm\u00f6glichkeiten<\/strong><span style=\"background-color: transparent;\">: Durch die Zusammenf\u00fchrung von Unternehmen, Institutionen, \u00f6ffentlichen und privaten Akteuren wird die Messe zu einem Ort, an dem Synergien und M\u00f6glichkeiten f\u00fcr eine nachhaltige wirtschaftliche Entwicklung geschaffen werden. Die Konferenzen und Workshops sind auch darauf ausgelegt, Innovation und Forschung in den mit der Nachhaltigkeit verbundenen Bereichen und die Vermehrung gr\u00fcner Berufe zu f\u00f6rdern.<\/span><\/p>\n\t\t\t\t\t\t\t\t<\/div>\n\t\t\t\t<\/div>\n\t\t\t\t\t<\/div>\n\t\t<\/div>\n\t\t\t\t\t<\/div>\n\t\t<\/section>\n\t\t\t\t<\/div>\n\t\t","protected":false},"excerpt":{"rendered":"<p>Unser nachhaltiges Verpflichtungen Die Nachhaltigkeitsmesse Mitcha-Mitcha positioniert sich als f\u00fchrende Veranstaltung im Bereich der Nachhaltigkeit. Wir setzen uns f\u00fcr einen integrativen und bereichs\u00fcbergreifenden Ansatz ein, der die drei wesentlichen S\u00e4ulen der nachhaltigen Entwicklung vereint: \u00d6kologie, Soziales und \u00d6konomie; sowie jede weitere Dimension, die aus dem fruchtbaren Austausch entsteht, der sich im Laufe der Zeit weiterentwickeln [&hellip;]<\/p>\n","protected":false},"author":1,"featured_media":0,"parent":0,"menu_order":0,"comment_status":"closed","ping_status":"closed","template":"","meta":{"_acf_changed":false,"footnotes":""},"class_list":["post-1829","page","type-page","status-publish","hentry"],"acf":[],"_links":{"self":[{"href":"https:\/\/mitcha-mitcha.ch\/de\/wp-json\/wp\/v2\/pages\/1829","targetHints":{"allow":["GET"]}}],"collection":[{"href":"https:\/\/mitcha-mitcha.ch\/de\/wp-json\/wp\/v2\/pages"}],"about":[{"href":"https:\/\/mitcha-mitcha.ch\/de\/wp-json\/wp\/v2\/types\/page"}],"author":[{"embeddable":true,"href":"https:\/\/mitcha-mitcha.ch\/de\/wp-json\/wp\/v2\/users\/1"}],"replies":[{"embeddable":true,"href":"https:\/\/mitcha-mitcha.ch\/de\/wp-json\/wp\/v2\/comments?post=1829"}],"version-history":[{"count":2,"href":"https:\/\/mitcha-mitcha.ch\/de\/wp-json\/wp\/v2\/pages\/1829\/revisions"}],"predecessor-version":[{"id":2083,"href":"https:\/\/mitcha-mitcha.ch\/de\/wp-json\/wp\/v2\/pages\/1829\/revisions\/2083"}],"wp:attachment":[{"href":"https:\/\/mitcha-mitcha.ch\/de\/wp-json\/wp\/v2\/media?parent=1829"}],"curies":[{"name":"wp","href":"https:\/\/api.w.org\/{rel}","templated":true}]}}