{"id":655,"date":"2024-09-18T11:44:47","date_gmt":"2024-09-18T09:44:47","guid":{"rendered":"https:\/\/mitcha.siteweb.ch\/ueber\/"},"modified":"2025-03-16T16:26:44","modified_gmt":"2025-03-16T15:26:44","slug":"ueber","status":"publish","type":"page","link":"https:\/\/mitcha-mitcha.ch\/de\/ueber\/","title":{"rendered":"Uber uns"},"content":{"rendered":"\t\t<div data-elementor-type=\"wp-page\" data-elementor-id=\"655\" class=\"elementor elementor-655 elementor-445\" data-elementor-post-type=\"page\">\n\t\t\t\t\t\t<section class=\"elementor-section elementor-top-section elementor-element elementor-element-bc68dbf elementor-section-boxed elementor-section-height-default elementor-section-height-default\" data-id=\"bc68dbf\" data-element_type=\"section\" data-e-type=\"section\" data-settings=\"{&quot;background_background&quot;:&quot;classic&quot;}\">\n\t\t\t\t\t\t<div class=\"elementor-container elementor-column-gap-default\">\n\t\t\t\t\t<div class=\"elementor-column elementor-col-100 elementor-top-column elementor-element elementor-element-9b57a1c\" data-id=\"9b57a1c\" data-element_type=\"column\" data-e-type=\"column\">\n\t\t\t<div class=\"elementor-widget-wrap elementor-element-populated\">\n\t\t\t\t\t\t<div class=\"elementor-element elementor-element-6d26929 elementor-widget elementor-widget-heading\" data-id=\"6d26929\" data-element_type=\"widget\" data-e-type=\"widget\" data-widget_type=\"heading.default\">\n\t\t\t\t<div class=\"elementor-widget-container\">\n\t\t\t\t\t<h2 class=\"elementor-heading-title elementor-size-default\">Die Vereinigung FFMM Group<\/h2>\t\t\t\t<\/div>\n\t\t\t\t<\/div>\n\t\t\t\t<div class=\"elementor-element elementor-element-5111eb4 elementor-widget elementor-widget-text-editor\" data-id=\"5111eb4\" data-element_type=\"widget\" data-e-type=\"widget\" data-widget_type=\"text-editor.default\">\n\t\t\t\t<div class=\"elementor-widget-container\">\n\t\t\t\t\t\t\t\t\t<p>Der Verein FFMM Group hat sich zum Ziel gesetzt, die Kompetenzen und die Kreativit\u00e4t von Gemeinschaften und Akteuren aus den Bereichen Wirtschaft, Kultur und sozialer Zusammenhalt zusammenzubringen, um die kollektive Intelligenz zugunsten einer menschen- und umweltfreundlicheren Zukunft zu bereichern.<\/p>\n<p>Dar\u00fcber hinaus sollen dynamische Plattformen oder Veranstaltungen organisiert werden, um innovative Ideen, menschen- und umweltfreundliche L\u00f6sungen und Produkte zu f\u00f6rdern und gleichzeitig die Vernetzung und Zusammenarbeit im Sinne der Nachhaltigkeit zu beg\u00fcnstigen.<\/p>\n<p>&nbsp;<\/p>\n\t\t\t\t\t\t\t\t<\/div>\n\t\t\t\t<\/div>\n\t\t\t\t\t<\/div>\n\t\t<\/div>\n\t\t\t\t\t<\/div>\n\t\t<\/section>\n\t\t\t\t<section class=\"elementor-section elementor-top-section elementor-element elementor-element-91d9a13 elementor-section-boxed elementor-section-height-default elementor-section-height-default\" data-id=\"91d9a13\" data-element_type=\"section\" data-e-type=\"section\">\n\t\t\t\t\t\t<div class=\"elementor-container elementor-column-gap-default\">\n\t\t\t\t\t<div class=\"elementor-column elementor-col-50 elementor-top-column elementor-element elementor-element-682a4fd\" data-id=\"682a4fd\" data-element_type=\"column\" data-e-type=\"column\" data-settings=\"{&quot;background_background&quot;:&quot;classic&quot;}\">\n\t\t\t<div class=\"elementor-widget-wrap elementor-element-populated\">\n\t\t\t\t\t\t<div class=\"elementor-element elementor-element-86c460f elementor-widget elementor-widget-heading\" data-id=\"86c460f\" data-element_type=\"widget\" data-e-type=\"widget\" data-widget_type=\"heading.default\">\n\t\t\t\t<div class=\"elementor-widget-container\">\n\t\t\t\t\t<h2 class=\"elementor-heading-title elementor-size-default\"><a href=\"https:\/\/mitcha-mitcha.ch\/programme-salon-durabilite-mitcha-mitcha-lausanne\/\">Vision<\/a><\/h2>\t\t\t\t<\/div>\n\t\t\t\t<\/div>\n\t\t\t\t\t<\/div>\n\t\t<\/div>\n\t\t\t\t<div class=\"elementor-column elementor-col-50 elementor-top-column elementor-element elementor-element-86894ad\" data-id=\"86894ad\" data-element_type=\"column\" data-e-type=\"column\">\n\t\t\t<div class=\"elementor-widget-wrap elementor-element-populated\">\n\t\t\t\t\t\t<div class=\"elementor-element elementor-element-a589694 elementor-widget elementor-widget-text-editor\" data-id=\"a589694\" data-element_type=\"widget\" data-e-type=\"widget\" data-widget_type=\"text-editor.default\">\n\t\t\t\t<div class=\"elementor-widget-container\">\n\t\t\t\t\t\t\t\t\t<p>Die Vision der Nachhaltigkeitsmesse &#8222;Mitcha-Mitcha&#8220; ist es, die Kompetenzen und die Kreativit\u00e4t von Gemeinschaften und Akteuren aus den Bereichen Wirtschaft, \u00d6kologie und sozialer Zusammenhalt zu b\u00fcndeln, um die kollektive Intelligenz und den Querschnitt zugunsten einer menschen- und umweltfreundlicheren Zukunft zu bereichern.<\/p>\n\t\t\t\t\t\t\t\t<\/div>\n\t\t\t\t<\/div>\n\t\t\t\t\t<\/div>\n\t\t<\/div>\n\t\t\t\t\t<\/div>\n\t\t<\/section>\n\t\t\t\t<section class=\"elementor-section elementor-top-section elementor-element elementor-element-0b79334 elementor-reverse-mobile elementor-section-boxed elementor-section-height-default elementor-section-height-default\" data-id=\"0b79334\" data-element_type=\"section\" data-e-type=\"section\">\n\t\t\t\t\t\t<div class=\"elementor-container elementor-column-gap-default\">\n\t\t\t\t\t<div class=\"elementor-column elementor-col-50 elementor-top-column elementor-element elementor-element-3cc5227\" data-id=\"3cc5227\" data-element_type=\"column\" data-e-type=\"column\">\n\t\t\t<div class=\"elementor-widget-wrap elementor-element-populated\">\n\t\t\t\t\t\t<div class=\"elementor-element elementor-element-3110ca0 elementor-widget elementor-widget-text-editor\" data-id=\"3110ca0\" data-element_type=\"widget\" data-e-type=\"widget\" data-widget_type=\"text-editor.default\">\n\t\t\t\t<div class=\"elementor-widget-container\">\n\t\t\t\t\t\t\t\t\t<p>Die Mission der Nachhaltigkeitsmesse &#8222;Mitcha-Mitcha&#8220; ist es, eine dynamische branchen\u00fcbergreifende Plattform f\u00fcr den Austausch von innovativen Ideen und menschen- und umweltfreundlicheren L\u00f6sungen zu bieten und gleichzeitig die Vernetzung, die Wertsch\u00e4tzung von Innovationen und die bereichs\u00fcbergreifende und interdisziplin\u00e4re Zusammenarbeit im Sinne der Nachhaltigkeit zu f\u00f6rdern. Diese Plattform f\u00f6rdert die schrittweise Einbeziehung der breiten \u00d6ffentlichkeit, insbesondere junger Menschen, in den Austausch.<\/p>\n<p>&nbsp;<\/p>\n\t\t\t\t\t\t\t\t<\/div>\n\t\t\t\t<\/div>\n\t\t\t\t\t<\/div>\n\t\t<\/div>\n\t\t\t\t<div class=\"elementor-column elementor-col-50 elementor-top-column elementor-element elementor-element-6f0700c\" data-id=\"6f0700c\" data-element_type=\"column\" data-e-type=\"column\" data-settings=\"{&quot;background_background&quot;:&quot;classic&quot;}\">\n\t\t\t<div class=\"elementor-widget-wrap elementor-element-populated\">\n\t\t\t\t\t\t<div class=\"elementor-element elementor-element-fb3c1d4 elementor-widget elementor-widget-heading\" data-id=\"fb3c1d4\" data-element_type=\"widget\" data-e-type=\"widget\" data-widget_type=\"heading.default\">\n\t\t\t\t<div class=\"elementor-widget-container\">\n\t\t\t\t\t<h2 class=\"elementor-heading-title elementor-size-default\"><a href=\"https:\/\/mitcha-mitcha.ch\/faq\/\">Mission<\/a><\/h2>\t\t\t\t<\/div>\n\t\t\t\t<\/div>\n\t\t\t\t\t<\/div>\n\t\t<\/div>\n\t\t\t\t\t<\/div>\n\t\t<\/section>\n\t\t\t\t<section class=\"elementor-section elementor-top-section elementor-element elementor-element-0beb632 elementor-section-boxed elementor-section-height-default elementor-section-height-default\" data-id=\"0beb632\" data-element_type=\"section\" data-e-type=\"section\">\n\t\t\t\t\t\t<div class=\"elementor-container elementor-column-gap-default\">\n\t\t\t\t\t<div class=\"elementor-column elementor-col-50 elementor-top-column elementor-element elementor-element-7191a03\" data-id=\"7191a03\" data-element_type=\"column\" data-e-type=\"column\" data-settings=\"{&quot;background_background&quot;:&quot;classic&quot;}\">\n\t\t\t<div class=\"elementor-widget-wrap elementor-element-populated\">\n\t\t\t\t\t\t<div class=\"elementor-element elementor-element-6a23422 elementor-widget elementor-widget-heading\" data-id=\"6a23422\" data-element_type=\"widget\" data-e-type=\"widget\" data-widget_type=\"heading.default\">\n\t\t\t\t<div class=\"elementor-widget-container\">\n\t\t\t\t\t<h2 class=\"elementor-heading-title elementor-size-default\">Aufruf zum Handeln<\/h2>\t\t\t\t<\/div>\n\t\t\t\t<\/div>\n\t\t\t\t\t<\/div>\n\t\t<\/div>\n\t\t\t\t<div class=\"elementor-column elementor-col-50 elementor-top-column elementor-element elementor-element-aa17916\" data-id=\"aa17916\" data-element_type=\"column\" data-e-type=\"column\">\n\t\t\t<div class=\"elementor-widget-wrap elementor-element-populated\">\n\t\t\t\t\t\t<div class=\"elementor-element elementor-element-5deddf3 elementor-widget elementor-widget-text-editor\" data-id=\"5deddf3\" data-element_type=\"widget\" data-e-type=\"widget\" data-widget_type=\"text-editor.default\">\n\t\t\t\t<div class=\"elementor-widget-container\">\n\t\t\t\t\t\t\t\t\t<p>&#8222;Mitcha-Mitcha&#8220; bedeutet im Freiburger und Waadtl\u00e4nder Dialekt Moiti\u00e9-Moiti\u00e9. Es bezieht sich auf das k\u00f6stliche K\u00e4sefondue, ein echtes kulinarisches Wahrzeichen der Schweiz und ein Symbol der Einheit und des Teilens.<\/p>\n<p>So will die Nachhaltigkeitsmesse &#8222;Mitcha-Mitcha&#8220; die Vielfalt der Akteure und Sektoren in einer geselligen Atmosph\u00e4re (wieder) vereinen, um einen weiteren Schritt auf dem Weg in eine nachhaltigere Zukunft zu machen.<\/p>\n<p>Machen Sie jetzt mit: Ausstellen; Besuchen; Unterst\u00fctzen; Mitmachen<\/p>\n<p>&nbsp;<\/p>\n\t\t\t\t\t\t\t\t<\/div>\n\t\t\t\t<\/div>\n\t\t\t\t\t<\/div>\n\t\t<\/div>\n\t\t\t\t\t<\/div>\n\t\t<\/section>\n\t\t\t\t<section class=\"elementor-section elementor-top-section elementor-element elementor-element-d84d7fb elementor-section-boxed elementor-section-height-default elementor-section-height-default\" data-id=\"d84d7fb\" data-element_type=\"section\" data-e-type=\"section\" data-settings=\"{&quot;background_background&quot;:&quot;classic&quot;}\">\n\t\t\t\t\t\t<div class=\"elementor-container elementor-column-gap-default\">\n\t\t\t\t\t<div class=\"elementor-column elementor-col-100 elementor-top-column elementor-element elementor-element-afcd3ea\" data-id=\"afcd3ea\" data-element_type=\"column\" data-e-type=\"column\">\n\t\t\t<div class=\"elementor-widget-wrap elementor-element-populated\">\n\t\t\t\t\t\t<div class=\"elementor-element elementor-element-2c1eacb elementor-widget elementor-widget-heading\" data-id=\"2c1eacb\" data-element_type=\"widget\" data-e-type=\"widget\" data-widget_type=\"heading.default\">\n\t\t\t\t<div class=\"elementor-widget-container\">\n\t\t\t\t\t<h2 class=\"elementor-heading-title elementor-size-default\">Wie unterscheidet sich die \"Mitcha-Mitcha\"-Messe von anderen Nachhaltigkeitsveranstaltungen?<\/h2>\t\t\t\t<\/div>\n\t\t\t\t<\/div>\n\t\t\t\t<div class=\"elementor-element elementor-element-d7cf84a elementor-widget elementor-widget-text-editor\" data-id=\"d7cf84a\" data-element_type=\"widget\" data-e-type=\"widget\" data-widget_type=\"text-editor.default\">\n\t\t\t\t<div class=\"elementor-widget-container\">\n\t\t\t\t\t\t\t\t\t<p><strong>Das Problem<\/strong><\/p>\n<p>Es gibt zahlreiche Veranstaltungen, die sich mit der nachhaltigen Entwicklung und ihren 17 zentralen Zielen befassen. Was die nachhaltige Wirtschaft betrifft, so organisieren viele staatliche Stellen wie Kantone, Gemeinden oder Handelskammern Workshops, Foren oder Networking-Abende, die sich an Fachleute richten. Dennoch gibt es nach wie vor eine echte Trennung zwischen den Plattformen, die nachhaltige Innovationen aufwerten, und der breiten \u00d6ffentlichkeit, insbesondere Verbrauchern und jungen Menschen. Dar\u00fcber hinaus bleiben die meisten dieser Messen ultra-sektorspezifisch, sodass die Menschen keinen einfachen Zugang zu ihnen haben und sich nicht effektiv und schnell \u00fcber nachhaltige Ma\u00dfnahmen, Innovationen und Projekte \u00f6ffentlicher und privater Institutionen informieren k\u00f6nnen, die Produkte und Dienstleistungen anbieten, die ihr t\u00e4gliches Leben beeinflussen.<\/p>\n<p><strong>Unsere Antwort <\/strong><\/p>\n<p>Um eine Br\u00fccke, eine Verbindung zwischen Produzenten und Konsumenten, zwischen Wirtschaft und \u00d6ffentlichkeit, zwischen diesen Akteuren des Wandels, die sich nur sehr selten begegnen, zu schaffen, richten wir ab sofort die Nachhaltigkeitsmesse &#8222;Mitcha-Mitcha&#8220; ein: Eine professionelle, transversale und dynamische Austauschplattform zun\u00e4chst f\u00fcr die Zusammenarbeit zwischen Fachleuten, aber auch ein Ort, an den Frauen und M\u00e4nner, Eltern und Kinder kommen k\u00f6nnen, um die nachhaltigen Fortschritte der verschiedenen Sektoren, die ihren Alltag ber\u00fchren, zu entdecken. Dieser Raum erm\u00f6glicht es den beteiligten Akteuren, eine Bestandsaufnahme der besten Nachhaltigkeitsoptionen vorzunehmen und diese der breiten \u00d6ffentlichkeit mit gr\u00f6\u00dftm\u00f6glicher N\u00e4he zu pr\u00e4sentieren. Diese Ann\u00e4herung f\u00f6rdert einen echten Austausch und solidere Kooperationen zwischen Entscheidungstr\u00e4gern, Influencern, Produzenten und Verbrauchern.<\/p>\n<p><strong>Wie funktioniert das?<\/strong><\/p>\n<p>Der Besuch der Nachhaltigkeitsmesse &#8222;Mitcha-Mitcha&#8220; bedeutet f\u00fcr Fachleute, Aussteller und Partner, sich daf\u00fcr zu entscheiden, vom Reden zum Handeln \u00fcberzugehen, indem sie an einer \u00fcbergreifenden und inklusiven Messe teilnehmen. F\u00fcr einen Besucher bedeutet es, Informationsst\u00e4nde zu entdecken, die dazu beitragen, verschiedene Aspekte wie Wasserverbrauch, Ern\u00e4hrung, Kleidung, Transportmittel, Finanzierungsstrategien und -m\u00f6glichkeiten nachhaltiger und verantwortungsbewusster zu gestalten, um Optionen anzubieten, die er oder sie hinterfragen, vertiefen oder einfach nur entdecken kann. Es bedeutet, an Diskussionsvortr\u00e4gen mit Experten teilzunehmen, sich von hochwertigen k\u00fcnstlerischen Darbietungen im Zusammenhang mit Nachhaltigkeit mitrei\u00dfen zu lassen, durch die Praxis Techniken und Tricks zu erlernen, die sich leicht im Alltag umsetzen lassen.<\/p>\n<p>.<\/p>\n\t\t\t\t\t\t\t\t<\/div>\n\t\t\t\t<\/div>\n\t\t\t\t\t<\/div>\n\t\t<\/div>\n\t\t\t\t\t<\/div>\n\t\t<\/section>\n\t\t\t\t<section class=\"elementor-section elementor-top-section elementor-element elementor-element-2086ab8 elementor-section-boxed elementor-section-height-default elementor-section-height-default\" data-id=\"2086ab8\" data-element_type=\"section\" data-e-type=\"section\" data-settings=\"{&quot;background_background&quot;:&quot;classic&quot;}\">\n\t\t\t\t\t\t<div class=\"elementor-container elementor-column-gap-default\">\n\t\t\t\t\t<div class=\"elementor-column elementor-col-100 elementor-top-column elementor-element elementor-element-9e1aac7\" data-id=\"9e1aac7\" data-element_type=\"column\" data-e-type=\"column\">\n\t\t\t<div class=\"elementor-widget-wrap elementor-element-populated\">\n\t\t\t\t\t\t<div class=\"elementor-element elementor-element-952fb45 elementor-widget elementor-widget-heading\" data-id=\"952fb45\" data-element_type=\"widget\" data-e-type=\"widget\" data-widget_type=\"heading.default\">\n\t\t\t\t<div class=\"elementor-widget-container\">\n\t\t\t\t\t<h2 class=\"elementor-heading-title elementor-size-default\">Kontakt<\/h2>\t\t\t\t<\/div>\n\t\t\t\t<\/div>\n\t\t\t\t<div class=\"elementor-element elementor-element-fc17e1e elementor-widget elementor-widget-text-editor\" data-id=\"fc17e1e\" data-element_type=\"widget\" data-e-type=\"widget\" data-widget_type=\"text-editor.default\">\n\t\t\t\t<div class=\"elementor-widget-container\">\n\t\t\t\t\t\t\t\t\t<p><strong>Verein FFMM Group<\/strong><\/p>\n<p>Route de Jubindus 4, 1762 Givisiez<\/p>\n<p><strong>E-Mail: s.durabilite@mitcha-mitcha.ch<\/strong><\/p>\n<p>Tel: +41 79 383 90 37<\/p>\n<p><strong>IBAN: CH54 8080 8009 8922 7534 5<\/strong><\/p>\n<p>&nbsp;<\/p>\n\t\t\t\t\t\t\t\t<\/div>\n\t\t\t\t<\/div>\n\t\t\t\t\t<\/div>\n\t\t<\/div>\n\t\t\t\t\t<\/div>\n\t\t<\/section>\n\t\t\t\t<\/div>\n\t\t","protected":false},"excerpt":{"rendered":"<p>Die Vereinigung FFMM Group Der Verein FFMM Group hat sich zum Ziel gesetzt, die Kompetenzen und die Kreativit\u00e4t von Gemeinschaften und Akteuren aus den Bereichen Wirtschaft, Kultur und sozialer Zusammenhalt zusammenzubringen, um die kollektive Intelligenz zugunsten einer menschen- und umweltfreundlicheren Zukunft zu bereichern. Dar\u00fcber hinaus sollen dynamische Plattformen oder Veranstaltungen organisiert werden, um innovative Ideen, [&hellip;]<\/p>\n","protected":false},"author":1,"featured_media":0,"parent":0,"menu_order":0,"comment_status":"closed","ping_status":"closed","template":"","meta":{"_acf_changed":false,"footnotes":""},"class_list":["post-655","page","type-page","status-publish","hentry"],"acf":[],"_links":{"self":[{"href":"https:\/\/mitcha-mitcha.ch\/de\/wp-json\/wp\/v2\/pages\/655","targetHints":{"allow":["GET"]}}],"collection":[{"href":"https:\/\/mitcha-mitcha.ch\/de\/wp-json\/wp\/v2\/pages"}],"about":[{"href":"https:\/\/mitcha-mitcha.ch\/de\/wp-json\/wp\/v2\/types\/page"}],"author":[{"embeddable":true,"href":"https:\/\/mitcha-mitcha.ch\/de\/wp-json\/wp\/v2\/users\/1"}],"replies":[{"embeddable":true,"href":"https:\/\/mitcha-mitcha.ch\/de\/wp-json\/wp\/v2\/comments?post=655"}],"version-history":[{"count":4,"href":"https:\/\/mitcha-mitcha.ch\/de\/wp-json\/wp\/v2\/pages\/655\/revisions"}],"predecessor-version":[{"id":2084,"href":"https:\/\/mitcha-mitcha.ch\/de\/wp-json\/wp\/v2\/pages\/655\/revisions\/2084"}],"wp:attachment":[{"href":"https:\/\/mitcha-mitcha.ch\/de\/wp-json\/wp\/v2\/media?parent=655"}],"curies":[{"name":"wp","href":"https:\/\/api.w.org\/{rel}","templated":true}]}}